{"id":380,"date":"2018-03-08T12:02:21","date_gmt":"2018-03-08T11:02:21","guid":{"rendered":"http:\/\/van-lessen.org\/Wordpress\/?page_id=380"},"modified":"2019-12-24T20:06:09","modified_gmt":"2019-12-24T19:06:09","slug":"die_emdener_van_lessen_um-1600","status":"publish","type":"page","link":"http:\/\/van-lessen.org\/Wordpress\/die_emdener_van_lessen_um-1600\/","title":{"rendered":"<h4><center>Die Emder Familie van Lessen um 1600<\/h4><\/center>"},"content":{"rendered":"<style type=\"text\/css\">\n    p {<br \/>\n        font-size: 17px;<br \/>\n        margin-bottom: 13px;<br \/>\n        line-height: 130%;<br \/>\n    }<br \/>\n    <\/style>\n<p style=\"margin-top: 10px\"><a href=\"..\"><em>Zur\u00fcck zur Startseite<\/em><\/a><\/p>\n<p>Im Emder Stadtarchiv gibt es ein Rathausprotokoll vom 18.6.1569 \u00fcber die Eheschlie\u00dfung und G\u00fctereinbringung der Eheleute \u201e<a href=\"http:\/\/van-lessen.org\/individual.php?pid=I1988&amp;ged=van-Lessen\" rel=\"noopener noreferrer\" target=\"_blank\">Joest van Lessene<\/a> und <a href=\"http:\/\/van-lessen.org\/individual.php?pid=I1989&amp;ged=van-Lessen\" rel=\"noopener noreferrer\" target=\"_blank\">Magdalene Tgrauve<\/a>\u201c. Er gibt als Beruf \u201eLinnewer\u201c an und verweist auf seine \u201evaderliche und moederliche Guederen in sinen Vaderlande Flandern\u201c. Seine Frau stammt aus \u201eMarcke im Hennegow\u201c. Dies ist die erste Dokumentation des Namens \u201evan Lessen\u201c in Emden und Ostfriesland.<\/p>\n<p>Im Stadtarchiv ist weiter dokumentiert, dass <a href=\"http:\/\/van-lessen.org\/individual.php?pid=I1988&amp;ged=van-Lessen\" rel=\"noopener noreferrer\" target=\"_blank\">Joesten Janssen<\/a> aus Tih (heute Tielt) in Flandern am 6.3.1580 in Emden den B\u00fcrgereid leistete. Ein weiteres Rathausprotokoll vom 27.5.1585 dokumentiert die 2.&nbsp;Eheschlie\u00dfung von <a href=\"http:\/\/van-lessen.org\/individual.php?pid=I1988&amp;ged=van-Lessen\" rel=\"noopener noreferrer\" target=\"_blank\">Joest Jansen<\/a> und <a href=\"http:\/\/van-lessen.org\/individual.php?pid=I2004&amp;ged=van-Lessen\" rel=\"noopener noreferrer\" target=\"_blank\">Lisabett Miclott<\/a>, der Witwe von <a href=\"http:\/\/van-lessen.org\/individual.php?pid=I2005&amp;ged=van-Lessen\" rel=\"noopener noreferrer\" target=\"_blank\">Arian de Potters<\/a>, den sie 1570 geheiratet hatte. Bei dieser Gelegenheit gab <a href=\"http:\/\/van-lessen.org\/individual.php?pid=I1988&amp;ged=van-Lessen\" rel=\"noopener noreferrer\" target=\"_blank\">Joest Jansen van Lessen<\/a> als Herkunftsort Denste (heute Deinze) an. In dem Dokument wird darauf hingewiesen, dass <a href=\"http:\/\/van-lessen.org\/individual.php?pid=I1988&amp;ged=van-Lessen\" rel=\"noopener noreferrer\" target=\"_blank\">Joest Jansen<\/a> einen \u00e4lteren Sohn <a href=\"http:\/\/van-lessen.org\/individual.php?pid=I1986&amp;ged=van-Lessen\" rel=\"noopener noreferrer\" target=\"_blank\">Elias<\/a> und eine j\u00fcngere Tochter <a href=\"http:\/\/van-lessen.org\/individual.php?pid=I2002&amp;ged=van-Lessen\" rel=\"noopener noreferrer\" target=\"_blank\">Magdalena<\/a> in die Ehe mitbrachte und <a href=\"http:\/\/van-lessen.org\/individual.php?pid=I2004&amp;ged=van-Lessen\" rel=\"noopener noreferrer\" target=\"_blank\">Lisabett Miclott<\/a> eine Tochter <a href=\"http:\/\/van-lessen.org\/individual.php?pid=I2006&amp;ged=van-Lessen\" rel=\"noopener noreferrer\" target=\"_blank\">Tanneke de Potters<\/a> hatte. Die beiden Kinder von <a href=\"http:\/\/van-lessen.org\/individual.php?pid=I1988&amp;ged=van-Lessen\" rel=\"noopener noreferrer\" target=\"_blank\">Joest Janssen van Lessen<\/a> aus erster Ehe f\u00fchren bei ihrer jeweiligen Eheschlie\u00dfung in Emden die Namen <a href=\"http:\/\/van-lessen.org\/individual.php?pid=I1986&amp;ged=van-Lessen\" rel=\"noopener noreferrer\" target=\"_blank\">Elias van Lessen<\/a> und <a href=\"http:\/\/van-lessen.org\/individual.php?pid=I2002&amp;ged=van-Lessen\" rel=\"noopener noreferrer\" target=\"_blank\">Magdalena van Lessen<\/a>. Aus der 2.&nbsp;Ehe von <a href=\"http:\/\/van-lessen.org\/individual.php?pid=I1988&amp;ged=van-Lessen\" rel=\"noopener noreferrer\" target=\"_blank\">Joest Janssen van Lessen<\/a> sind keine Kinder bekannt. Die Orte Tielt und Deinze liegen westlich von Gent und sind ca. 18&nbsp;km voneinander entfernt.<\/p>\n<p>Im M\u00e4rz 1580 hat weiterhin der \u201eolde <a href=\"http:\/\/van-lessen.org\/individual.php?pid=I1991&amp;ged=van-Lessen\" rel=\"noopener noreferrer\" target=\"_blank\">Johan Corste Le\u00dfen<\/a>, Linneweber\u201c in Emden den B\u00fcrgereid geleistet. Leider gibt es \u00fcber ihn keine weiteren Angaben, so dass wir nicht wissen, ob er vielleicht der Vater von <a href=\"http:\/\/van-lessen.org\/individual.php?pid=I1988&amp;ged=van-Lessen\" rel=\"noopener noreferrer\" target=\"_blank\">Joest Janssen van Lessen<\/a> war. Wann <a href=\"http:\/\/van-lessen.org\/individual.php?pid=I1988&amp;ged=van-Lessen\" rel=\"noopener noreferrer\" target=\"_blank\">Joest van Lessen<\/a> und <a href=\"http:\/\/van-lessen.org\/individual.php?pid=I1991&amp;ged=van-Lessen\" rel=\"noopener noreferrer\" target=\"_blank\">Johan Corste Le\u00dfen<\/a> nach Emden kamen, wissen wir nicht genau, denn wallonische Fl\u00fcchtlinge aus dem heutigen Belgien kamen&nbsp;schon seit 1554 nach Emden. Bekannt ist vor allem die von Maria Tudor, der \u201eBlutigen\u201c a\u0131n 17.&nbsp;September 1553 aus London ausgewiesene Gruppe von 175&nbsp;wallonischen Fl\u00fcchtlingen, die unter der Leitung ihres Predigers Johannes \u00e0 Lasco auf drei Schiffen nach langer Irrfahrt \u00fcber Kopenhagen, Hamburg und L\u00fcbeck im April 1554 in Emden ankamen, und die dort von der Gr\u00e4\ufb01n Anna und&nbsp;der Emder Bev\u00f6lkerung freundlich aufgenommen wurde. Johannes \u00e0 Lasco war in Emden kein Unbekannter; er hatte sich bei seinem ersten Aufenthalt in Emden um die Organisation der protestantischen Kirche in Ostfriesland verdient gemacht, wurde 1549 wegen angeblicher Konspiration gegen Kaiser Karl&nbsp;V. verfolgt, war nach London gefl\u00fcchtet und Prediger der wallonischen Gemeinde geworden.<\/p>\n<p>Karl V. hatte den St\u00e4dten der s\u00fcdlichen und n\u00f6rdlichen Niederlande, die weitgehend mit dem heutigen Belgien und den Niederlanden \u00fcbereinstimmen, und denen er sich besonders verbunden f\u00fchlte, weil er hier geboren und aufgewachsen war, zahlreiche Privilegien gegeben, die in einer Urkunde \u201eMagna Charta\u201c zusammengefasst waren. W\u00e4hrend seiner Regierungszeit hatte sich der Protestantismus auch in diesem Teil seines Reiches weit ausgebreitet, obwohl er ihn nach Kr\u00e4ften einzud\u00e4mmen versuchte. Bei der Abdankung von Karl&nbsp;V. am 25.&nbsp;Oktober 1555 in Br\u00fcssel \u00fcbergab dieser die Herrschaft \u00fcber die Niederlande sowie \u00fcber Spanien seinem Sohn Philipp, der von nun an als K\u00f6nig Philipp&nbsp;II. von Spanien und den Niederlanden sein Reich von Madrid aus regierte und seine&nbsp;Halbschwester Margaretha von Parma in Br\u00fcssel als Statthalterin der Niederlande einsetzte. In Spanien war bald die Inquisition in vollem Gange, der neben den Protestanten vor allem die ebenfalls zu den Ketzern z\u00e4hlenden Juden zum Opfer fielen; viele wanderten damals nach Amsterdam und Hamburg aus. In den Niederlanden gelang es Margaretha von Parma nicht, den Protestantismus zur\u00fcck zu dr\u00e4ngen. Die f\u00fchrenden Adeligen wie der Prinz Wilhelm von Oranien, die Grafen Egmond und Hoorn, die damals selbst noch zur katholischen Kirche geh\u00f6rten, lehnten es ab, die protestantischen St\u00e4dte und Gemeinden mit Gewalt \u00e4hnlich wie in Spanien zum Katholizismus zu zwingen.<\/p>\n<p>1567 schickte Philipp ll. seinen treuen Gefolgsmann Fernando Alvarez de Toledo, Herzog von Aiva, kurz Herzog Alba genannt, mit einem gro\u00dfen Heer nach Br\u00fcssel. Er zog am 22.&nbsp;August 1567 in Br\u00fcssel ein, und setzte mit Sondervollmachten des K\u00f6nigs ausgestattet, alle Privilegien der niederl\u00e4ndischen St\u00e4dte au\u00dfer Kraft. Prinz Wilhelm von Oranien fl\u00fcchtete mit seiner Familie nach Deutschland zum Stammsitz seiner Eltern Schloss Dillenburg und stellte von hier aus ein Heer auf, mit dem er die Spanier aus den Niederlanden vertreiben wollte. Die Grafen Egmond und Hoorn wurden in Br\u00fcssel wegen Landesverrats angeklagt und \u00f6ffentlich enthauptet, Prinz Wilhelm von Oranien wurde f\u00fcr vogelfrei erkl\u00e4rt, seine Besitzungen in Frankreich und den Niederlanden enteignet. W\u00e4hrend anfangs viele versucht hatten, durch Unterwerfung Gnade beim K\u00f6nig zu finden, zeigte sich bald, dass alle Protestanten als Ketzer verurteilt und hingerichtet werden sollten, und keine Gnade zu erwarten war. Alle freiheitlichen Privilegien waren von K\u00f6nig Phillip aufgehoben werden und wurden mit F\u00fc\u00dfen getreten.<\/p>\n<p>1568 konnte Herzog Alba die von Prinz Wilhelm von Oranien und seinen Br\u00fcdern gegen ihn ins Feld gef\u00fchrten Heere besiegen und weite Teile Nordhollands besetzen. Der Befreiungskrieg der Niederlande von spanischer Herrschaft hatte begonnen; er endete erst 80&nbsp;Jahre sp\u00e4ter 1648 mit dem Westf\u00e4lischen Frieden von M\u00fcnster und Osnabr\u00fcck und brachte den Niederlanden nach langem aufopfernden Kampf die Freiheit und die Unabh\u00e4ngigkeit von Spanien. Zun\u00e4chst aber fl\u00fcchteten 1568 zahlreiche Protestanten vor den anr\u00fcckenden Spaniern nach Norden unter anderem auch nach Emden, in dem 1567 die Pest gew\u00fctet hatte und deren Bev\u00f6lkerung dadurch dezimiert war.<\/p>\n<p>1568 ist auch das Jahr, in dem <a href=\"http:\/\/van-lessen.org\/individual.php?pid=I1990&amp;ged=van-Lessen\" rel=\"noopener noreferrer\" target=\"_blank\">Kornelis de Lesenne<\/a> (<a href=\"http:\/\/van-lessen.org\/individual.php?pid=I1990&amp;ged=van-Lessen\" rel=\"noopener noreferrer\" target=\"_blank\">Corneille de Lessigne<\/a>) und sein Freund Meister Karel auf der Reise von den Niederlanden zur\u00fcck nach Wesel am Niederrhein, wo er damals seinen Wohnsitz hatte, von K\u00f6nigstreuen in der N\u00e4he von L\u00fcttich gefangen genommen wurden. <a href=\"http:\/\/van-lessen.org\/individual.php?pid=I1990&amp;ged=van-Lessen\" rel=\"noopener noreferrer\" target=\"_blank\">Cornelius van Lessen<\/a> wurde als reformierter Prediger erkannt, stand in L\u00fcttich treu zu seinem Glauben und wurde daf\u00fcr zusammen mit Meister Karel als Ketzer verurteilt und \u00f6ffentlich geh\u00e4ngt. Vielleicht hat dies Ereignis dazu beigetragen, dass <a href=\"http:\/\/van-lessen.org\/individual.php?pid=I1991&amp;ged=van-Lessen\" rel=\"noopener noreferrer\" target=\"_blank\">Johan Corste Lessen<\/a> und <a href=\"http:\/\/van-lessen.org\/individual.php?pid=I1988&amp;ged=van-Lessen\" rel=\"noopener noreferrer\" target=\"_blank\">Joest Janssen van Lessen<\/a>, deren Verwandtschaft mit <a href=\"http:\/\/van-lessen.org\/individual.php?pid=I1990&amp;ged=van-Lessen\" rel=\"noopener noreferrer\" target=\"_blank\">Cornelius van Lessen<\/a> nicht nachgewiesen ist, sich als besonders gef\u00e4hrdet ansahen und 1568 nach Emden fl\u00fcchteten.<\/p>\n<p>Wir wenden uns jetzt <a href=\"http:\/\/van-lessen.org\/individual.php?pid=I1986&amp;ged=van-Lessen\" rel=\"noopener noreferrer\" target=\"_blank\">Elias van Lessen<\/a> zu, der erstmals 8.4.1603 mit vollem Namen im Emder Rathausprotokoll seiner Eheschlie\u00dfung mit <a href=\"http:\/\/van-lessen.org\/individual.php?pid=I1987&amp;ged=van-Lessen\" rel=\"noopener noreferrer\" target=\"_blank\">Mayke Penon<\/a> genannt wird. Trauzeugen waren <a href=\"http:\/\/van-lessen.org\/individual.php?pid=I1988&amp;ged=van-Lessen\" rel=\"noopener noreferrer\" target=\"_blank\">Joist Jansen van Lessen<\/a> (sein Vater) und Lowi\u00df Penon \u201eals Ohm van der Brudt\u201c.<\/p>\n<p>Hermann Fischer aus Wilhelmshaven, der ein direkter Nachkomme von <a href=\"http:\/\/van-lessen.org\/individual.php?pid=I1986&amp;ged=van-Lessen\" rel=\"noopener noreferrer\" target=\"_blank\">Elias van Lessen<\/a> und <a href=\"http:\/\/van-lessen.org\/individual.php?pid=I1987&amp;ged=van-Lessen\" rel=\"noopener noreferrer\" target=\"_blank\">Mayke Penon<\/a> ist, und der die Geschichte der Familien van Lessen und Penon im 16. und 17. Jahrhundert im Emder Stadtarchiv erforscht hat, vermutet, dass <a href=\"http:\/\/van-lessen.org\/individual.php?pid=I1987&amp;ged=van-Lessen\" rel=\"noopener noreferrer\" target=\"_blank\">Mayke Penon<\/a> die Tochter von Johan Penon war; dieser hatte am 10.6.1574 in Emden den B\u00fcrgereid geleistet, war mit Ubbeken de Lev verheiratet und ist 1584 gestorben. Lowi\u00df Penon war vermutlich ein Bruder von Johan Penon, <a href=\"http:\/\/van-lessen.org\/individual.php?pid=I1987&amp;ged=van-Lessen\" rel=\"noopener noreferrer\" target=\"_blank\">Maykes<\/a> Vater. Als erster hatte der sp\u00e4tere Severin Penon am 9.2.1563 in Emden den B\u00fcrgereid geleistet unter dem Namen \u201eSeveryn Ponoy van Camruh\u201c&nbsp;(Kameryk, franz. Cambrai?), der noch sehr wallonisch klingt. Severin und Johan Penon waren vielleicht Br\u00fcder oder sehr befreundet, denn am 19.4.1585 kauften&nbsp;Severin Penon zusammen mit seiner Frau Antoinette de Baral und Ubbeken de Lev, die Witwe von Johan Penon, in einem Doppelgesch\u00e4ft von Hayo Ryken je ein Haus in der Emder Lockfenne; die H\u00e4user lagen nebeneinander.<\/p>\n<p><a href=\"http:\/\/van-lessen.org\/individual.php?pid=I1986&amp;ged=van-Lessen\" rel=\"noopener noreferrer\" target=\"_blank\">Elias van Lessen<\/a> hat in Emden verschiedene wichtige \u00c4mter bekleidet. 1602 wurde in Emden ein \u201eKrygsrath von 8&nbsp;Persoonen angestelt, so die Judicatuir en Sonst in Krygssaeken te verwalten, waer van 2&nbsp;uit de Rath, 2&nbsp;uit de Viertigen, 2&nbsp;uit de Colonellen en Hopluiden, en 2&nbsp;uit de 100&nbsp;Mannen erwehlet worden\u201c, der Secretarius dieses Kriegsrathes war <a href=\"http:\/\/van-lessen.org\/individual.php?pid=I1986&amp;ged=van-Lessen\" rel=\"noopener noreferrer\" target=\"_blank\">Elias van Lessen<\/a>. Sp\u00e4ter taucht sein Name in der Off\u0131ziersliste der Emder B\u00fcrgerwehr nicht mehr auf (K.&nbsp;Ecke und H.&nbsp;R.&nbsp;Manger: Die Offiziere der Emder B\u00fcrgerwehr 1595&nbsp;&#8211;&nbsp;1750). 1605 wird <a href=\"http:\/\/van-lessen.org\/individual.php?pid=I1986&amp;ged=van-Lessen\" rel=\"noopener noreferrer\" target=\"_blank\">Elias van Lessen<\/a> als Diakon der Fremdelingen &#8211; Armen in Emden erw\u00e4hnt, 1611 als Diakon der franz\u00f6sisch &#8211; reformierten Kirche, 1621 war er \u00c4ltester der franz\u00f6sisch-reformierten Kirche in Emden, er unterzeichnete das franz\u00f6sischsprachige Glaubensbekenntnis dieser Kirche. 1622 geh\u00f6rt er zum \u201eRat der Vierziger\u201c, 1626 ist er deren Pr\u00e4sident. 1628 war er Ratsherr der Stadt Emden und 1632 arbeitete er als \u201eNiedergerichtsherr&#8220; in Emden. Die meisten dieser \u00c4mter waren sicher Ehren\u00e4mter, welchen Beruf <a href=\"http:\/\/van-lessen.org\/individual.php?pid=I1986&amp;ged=van-Lessen\" rel=\"noopener noreferrer\" target=\"_blank\">Elias<\/a> ausge\u00fcbt hat, wissen wir nicht. Der Name \u201evan Lessen\u201c wird in den alten Dokumenten teilweise auch mit \u00df statt ss geschrieben; unter dem Glaubensbekenntnis der franz\u00f6sisch-reformierten Kirche steht \u201e<a href=\"http:\/\/van-lessen.org\/individual.php?pid=I1986&amp;ged=van-Lessen\" rel=\"noopener noreferrer\" target=\"_blank\">Elias van Le\u00dfen<\/a>\u201c.<\/p>\n<p>Das Amt des \u201eDiakon der Fremdelingen &#8211; Armen\u201c bedarf vielleicht einer kurzen Erkl\u00e4rung. Als 1554 viele wallonische Fl\u00fcchtlinge nach Emden kamen, waren darunter auch Mittellose, Arme, deren Ansiedelung in Emden Gr\u00e4\ufb01n Anna nur unter der Bedingung zustimmte, dass sie von den wohlhabenden Zuwanderern versorgt w\u00fcrden, und dass durch sie die einheimischen Armen nicht benachteiligt w\u00fcrden. Die verm\u00f6genden Wallonen verb\u00fcrgten sich daf\u00fcr und erhielten als Gegenleistung die Erlaubnis der Gr\u00e4\ufb01n, \u201ebei den Einwohnern der Stadt zu gewissen Zeiten eine Collecte zum Besten ihrer H\u00fclfsbed\u00fcrftigen abhalten zu d\u00fcrfen\u201c. Mit der \u201eEinkassirung\u201c der Beitr\u00e4ge von den Fl\u00fcchtlingen sowie mit den allgemeinen \u201eCollekten\u201c betraute \u00e0 Lasco bestimmte Personen, die zugleich auch die Verteilung der reichlichen Gaben durchf\u00fchrten. lm Sommer 1555 verlie\u00df Johannes \u00e0 Lasco Emden, es fand sich zun\u00e4chst niemand, der die Armenpflege organisierte. Im Winter 1556&nbsp;&#8211;&nbsp;1557 kam es infolge gro\u00dfer Verluste in der Handelswelt zu einer Teuerung, die Zahl der Hilfsbed\u00fcrftigen stieg an. Um der Not zu steuern wurde 1557 der \u201eKornvorrat der Stadt Emden\u201c gestiftet, eine Einrichtung, die bis zur 1.&nbsp;H\u00e4lfte des 20. Jahrhunderts aktiv war und auch heute noch existiert. Im gleichen Jahr wurde das \u201eGasthuis\u201c zur Betreuung von Kranken und Obdachlosen eingerichtet. Die zugeh\u00f6rige Gasthauskirche, in der mein Gro\u00dfvater Karl Gotthilf Kind immer besonders gern gepredigt hat, brannte 1938 ab und wurde nicht wieder aufgebaut. lm Januar 1558 wurden aus dem Kreis der Fl\u00fcchtlinge 8&nbsp;Personen gew\u00e4hlt, die sich um das Einsammeln und Verteilen der Gelder f\u00fcr die Armen k\u00fcmmern sollten; sie bildeten die \u201eDiaconie der aermen vremblingen binnen Embden\u201c. Die diensttuenden Diakone trafen sich Montag morgens um 9&nbsp;Uhr am Delft und machten von hier aus die Runde, um von den B\u00fcrgern Emdens ihren St\u00fcber, worauf die w\u00f6chentliche Gabe festgesetzt werden war, einzusammeln. Dazu kamen freiwillige Beitr\u00e4ge der Fremden und kleine Verm\u00e4chtnisse. lm ersten Jahr betrugen die Einnahmen 709&nbsp;Gulden, 5&nbsp;Schaaf und 16\u00bd&nbsp;Witte. Die Verteilung der Gelder besorgten die Diakonen der Reihe nach und legten monatlich ihre Bilanz vor. 1605 hie\u00dfen die Diakone <a href=\"http:\/\/van-lessen.org\/individual.php?pid=I1986&amp;ged=van-Lessen\" rel=\"noopener noreferrer\" target=\"_blank\">Elias van Lessen<\/a> und Jaques Commelyns, Kassierer war Peter Payn. 1858 feierte die Diakonie ihr 300-j\u00e4hriges Bestehen und gab zu diesem Anlass eine Festschrift heraus, der ich diese Angaben entnommen habe.<\/p>\n<p><a href=\"http:\/\/van-lessen.org\/individual.php?pid=I1986&amp;ged=van-Lessen\" rel=\"noopener noreferrer\" target=\"_blank\">Elias van Lessen<\/a> und <a href=\"http:\/\/van-lessen.org\/individual.php?pid=I1987&amp;ged=van-Lessen\" rel=\"noopener noreferrer\" target=\"_blank\">Mayke Penon<\/a> hatten zwei T\u00f6chter, <a href=\"http:\/\/van-lessen.org\/individual.php?pid=I1985&amp;ged=van-Lessen\" rel=\"noopener noreferrer\" target=\"_blank\">Wobbeke<\/a> und <a href=\"http:\/\/van-lessen.org\/individual.php?pid=I1992&amp;ged=van-Lessen\" rel=\"noopener noreferrer\" target=\"_blank\">Maria van Lessen<\/a>. <a href=\"http:\/\/van-lessen.org\/individual.php?pid=I1985&amp;ged=van-Lessen\" rel=\"noopener noreferrer\" target=\"_blank\">Wobbeke van Lessen<\/a> heiratete am 16.6.1632 den Kaufmann und Quartiermeister <a href=\"http:\/\/van-lessen.org\/individual.php?pid=I1984&amp;ged=van-Lessen\" rel=\"noopener noreferrer\" target=\"_blank\">Dirk Dirksen<\/a>, der ebenfalls viele \u00c4mter in Emden inne hatte; sie hatten drei T\u00f6chter, <a href=\"http:\/\/van-lessen.org\/individual.php?pid=I1983&amp;ged=van-Lessen\" rel=\"noopener noreferrer\" target=\"_blank\">Anna<\/a>, <a href=\"http:\/\/van-lessen.org\/individual.php?pid=I2000&amp;ged=van-Lessen\" rel=\"noopener noreferrer\" target=\"_blank\">Elisabeth<\/a> und <a href=\"http:\/\/van-lessen.org\/individual.php?pid=I1999&amp;ged=van-Lessen\" rel=\"noopener noreferrer\" target=\"_blank\">Wobke Dirksen<\/a>, von denen <a href=\"http:\/\/van-lessen.org\/individual.php?pid=I1983&amp;ged=van-Lessen\" rel=\"noopener noreferrer\" target=\"_blank\">Anna<\/a> am 4.8.1655 <a href=\"http:\/\/van-lessen.org\/individual.php?pid=I1982&amp;ged=van-Lessen\" rel=\"noopener noreferrer\" target=\"_blank\">Philipp&nbsp;II. Herlin<\/a> (Herlyn) heiratete.<\/p>\n<p><a href=\"http:\/\/van-lessen.org\/individual.php?pid=I1992&amp;ged=van-Lessen\" rel=\"noopener noreferrer\" target=\"_blank\">Maria van Lessen<\/a> heiratete am 14.4.1638 <a href=\"http:\/\/van-lessen.org\/individual.php?pid=I1993&amp;ged=van-Lessen\" rel=\"noopener noreferrer\" target=\"_blank\">Christoffer Stippel<\/a>, dessen Vater Otto Stippel von 1596&nbsp;\u2011&nbsp;1609 zu den Vierzigern geh\u00f6rte und der selbst 1617 Sch\u00fcler der Emder Lateinschule war. Wir m\u00fcssen annehmen, dass <a href=\"http:\/\/van-lessen.org\/individual.php?pid=I1987&amp;ged=van-Lessen\" rel=\"noopener noreferrer\" target=\"_blank\">Mayke Penon<\/a> 1624&nbsp;gestorben ist, denn im August 1625 heiratete <a href=\"http:\/\/van-lessen.org\/individual.php?pid=I1986&amp;ged=van-Lessen\" rel=\"noopener noreferrer\" target=\"_blank\">Elias van Lessen<\/a> in 2. Ehe Margarethe Berents. Diese Ehe war kinderlos. <a href=\"http:\/\/van-lessen.org\/individual.php?pid=I1986&amp;ged=van-Lessen\" rel=\"noopener noreferrer\" target=\"_blank\">Elias van Lessen<\/a> starb am 6.9.1637.<\/p>\n<p>Seine 2.&nbsp;Frau heiratete am 19.4.1641 Ucco Sparringa, \u201eder l\u00f6blichen ostfriesischen St\u00e4nde u. Collegy Administratorum dieser Grafschaft Secretarius\u201c.<\/p>\n<p>Bei den weiteren Nachkommen von <a href=\"http:\/\/van-lessen.org\/individual.php?pid=I1986&amp;ged=van-Lessen\" rel=\"noopener noreferrer\" target=\"_blank\">Elias van Lessen<\/a> taucht der Name \u201evan Lessen\u201c nicht mehr auf. Es ist auch in den vergangenen 10 Jahren nicht gelungen, eine Verbindung zwischen <a href=\"http:\/\/van-lessen.org\/individual.php?pid=I1986&amp;ged=van-Lessen\" rel=\"noopener noreferrer\" target=\"_blank\">Elias van Lessen<\/a> in Emden und unserem Ahnherrn <a href=\"http:\/\/van-lessen.org\/individual.php?pid=I158&amp;ged=van-Lessen\" rel=\"noopener noreferrer\" target=\"_blank\">Johan Le\u00dfen<\/a> in Dykhausen zu finden.<\/p>\n<p>Geschrieben etwa im Jahr 2001 von Harmen van Lessen \u2020 (409), Solingen.<\/p>\n<p><em>Siehe auch<br \/>\n&#8222;<a href=\"http:\/\/van-lessen.org\/Wordpress\/historie\/\">Kurze Historie der Abstammung<\/a>&#8220; ,<br \/>\n&#8222;<a href=\"http:\/\/van-lessen.org\/Wordpress\/einleitung-im-familienbuch\/\">Einleitung zum Familienbuch<\/a>&#8220; und<\/em><em><br \/>\n&#8222;<a href=\"http:\/\/van-lessen.org\/Wordpress\/tafel_emdener_van_lessen\/\">Tafel der fr\u00fchen van Lessen in Emden<\/a>&#8220;.<\/em><\/p>\n","protected":false},"excerpt":{"rendered":"<p>Zur\u00fcck zur Startseite Im Emder Stadtarchiv gibt es ein Rathausprotokoll vom 18.6.1569 \u00fcber die Eheschlie\u00dfung und G\u00fctereinbringung der Eheleute \u201eJoest van Lessene und Magdalene Tgrauve\u201c. Er gibt als Beruf \u201eLinnewer\u201c an und verweist auf seine \u201evaderliche und moederliche Guederen in sinen Vaderlande Flandern\u201c. Seine Frau stammt aus \u201eMarcke im Hennegow\u201c. Dies ist die erste Dokumentation &hellip; <a href=\"http:\/\/van-lessen.org\/Wordpress\/die_emdener_van_lessen_um-1600\/\" class=\"more-link\"><span class=\"screen-reader-text\"><\/p>\n<h4><center>Die Emder Familie van Lessen um 1600<\/h4>\n<p><\/center><\/span> weiterlesen<\/a><\/p>\n","protected":false},"author":1,"featured_media":0,"parent":0,"menu_order":0,"comment_status":"closed","ping_status":"closed","template":"","meta":[],"_links":{"self":[{"href":"http:\/\/van-lessen.org\/Wordpress\/wp-json\/wp\/v2\/pages\/380"}],"collection":[{"href":"http:\/\/van-lessen.org\/Wordpress\/wp-json\/wp\/v2\/pages"}],"about":[{"href":"http:\/\/van-lessen.org\/Wordpress\/wp-json\/wp\/v2\/types\/page"}],"author":[{"embeddable":true,"href":"http:\/\/van-lessen.org\/Wordpress\/wp-json\/wp\/v2\/users\/1"}],"replies":[{"embeddable":true,"href":"http:\/\/van-lessen.org\/Wordpress\/wp-json\/wp\/v2\/comments?post=380"}],"version-history":[{"count":45,"href":"http:\/\/van-lessen.org\/Wordpress\/wp-json\/wp\/v2\/pages\/380\/revisions"}],"predecessor-version":[{"id":1441,"href":"http:\/\/van-lessen.org\/Wordpress\/wp-json\/wp\/v2\/pages\/380\/revisions\/1441"}],"wp:attachment":[{"href":"http:\/\/van-lessen.org\/Wordpress\/wp-json\/wp\/v2\/media?parent=380"}],"curies":[{"name":"wp","href":"https:\/\/api.w.org\/{rel}","templated":true}]}}